{"id":4350,"date":"2019-02-05T23:03:04","date_gmt":"2019-02-05T20:03:04","guid":{"rendered":"http:\/\/nesayonetim.com\/?page_id=4350"},"modified":"2019-02-28T21:33:32","modified_gmt":"2019-02-28T18:33:32","slug":"konut-kapicilari-tuzugu","status":"publish","type":"page","link":"https:\/\/nesayonetim.com\/index.php\/konut-kapicilari-tuzugu\/","title":{"rendered":"Konut Kap\u0131c\u0131lar\u0131 T\u00fcz\u00fc\u011f\u00fc"},"content":{"rendered":"<div class=\"wpb-content-wrapper\"><div id=\"tm-row-69f5d1675e3d8\" class=\"vc_row vc_row-outer vc_row-fluid\"><div id=\"tm-column-69f5d1675f401\" class=\"wpb_column vc_column_container vc_col-sm-12\"><div class=\"vc_column-inner \"><div class=\"wpb_wrapper\">\n\t<div class=\"wpb_text_column wpb_content_element\" >\n\t\t<div class=\"wpb_wrapper\">\n\t\t\t<p>Say\u0131: 22158<\/p>\n<p>Bakanlar Kurulu Karar\u0131 94\/6321<\/p>\n<p><strong>B\u0130R\u0130NC\u0130 B\u00d6L\u00dcM<\/strong><\/p>\n<p><strong>Ama\u00e7, Kapsam ve Tan\u0131mlar<\/strong><\/p>\n<p><strong>Ama\u00e7 ve Kapsam<\/strong><\/p>\n<p>Madde 1 \u2013 Bu T\u00fcz\u00fc\u011f\u00fcn amac\u0131, kap\u0131c\u0131lar\u0131n hizmetlerinin kapsam ve niteli\u011fi ile g\u00fcnl\u00fck \u00e7al\u0131\u015fma s\u00fcresi, hafta tatili, Ulusal Bayram ve genel tatil g\u00fcnleri, y\u0131ll\u0131k \u00fccretli izin haklar\u0131 ve kap\u0131c\u0131 konutlar\u0131na ili\u015fkin ulus ve esaslar\u0131 d\u00fczenlemektir.<\/p>\n<p><strong>Tan\u0131mlar<\/strong><\/p>\n<p>Madde 2 \u2013 Bu T\u00fcz\u00fckte ge\u00e7en;<\/p>\n<p>Kap\u0131c\u0131: Kaloriferli konut kap\u0131c\u0131lar\u0131 ile \u00e7al\u0131\u015fmas\u0131n\u0131 ayn\u0131 i\u015fverene veya ayn\u0131 konuta hasreden konut kap\u0131c\u0131lar\u0131,<\/p>\n<p>\u0130\u015fveren: Konutun maliki veya ortaklar\u0131,<\/p>\n<p>Y\u00f6netici: \u0130\u015fveren vekili olarak hareket eden ki\u015fi,<\/p>\n<p>\u0130\u015fyeri: Kap\u0131c\u0131n\u0131n \u00e7al\u0131\u015ft\u0131\u011f\u0131 konut ile ba\u011f\u0131ms\u0131z b\u00f6l\u00fcm, ortak yerler, eklenti ve tesislerin t\u00fcm\u00fc<\/p>\n<p>anlam\u0131nda kullan\u0131lm\u0131\u015ft\u0131r.<\/p>\n<p><strong>\u0130K\u0130NC\u0130 B\u00d6L\u00dcM<\/strong><\/p>\n<p><strong>Yetki, G\u00f6rev ve Sorumluluklar<\/strong><\/p>\n<p>Y\u00f6neticinin yetki, g\u00f6rev ve sorumluluklar\u0131<\/p>\n<p>Madde 3 \u2013 Konut y\u00f6neticisi, ki\u015fisel kusurundan do\u011fanlar d\u0131\u015f\u0131ndaki mali sorumluluklar i\u015fverene ait olmak \u00fczere, \u0130\u015f Kanunu ve bu T\u00fcz\u00fck h\u00fck\u00fcmlerinin uygulanmas\u0131nda ve yarg\u0131 uyu\u015fmazl\u0131klar\u0131nda i\u015fverenin temsilcisidir.<\/p>\n<p>Y\u00f6neticinin g\u00f6rev, yetki ve sorumluluklar\u0131 \u015funlard\u0131r:<\/p>\n<p>a) \u0130\u015fverence kendisine yaz\u0131l\u0131 yetki verilmesi ko\u015fuluyla ilgili kanunlar ve varsa toplu i\u015f s\u00f6zle\u015fmesi h\u00fck\u00fcmlerine uygun olarak kap\u0131c\u0131yla hizmet s\u00f6zle\u015fmesi yapmak ve hizmet s\u00f6zle\u015fmesini feshetmek,<\/p>\n<p>b) Kaloriferli konutlarda, kap\u0131c\u0131 i\u00e7in ate\u015f\u00e7i belgesinin varl\u0131\u011f\u0131n\u0131 ara\u015ft\u0131rmak,<\/p>\n<p>c) Kap\u0131c\u0131n\u0131n \u0130\u015f Kanunu ve s\u00f6zle\u015fmeden do\u011fan \u00fccret ve tazminat haklar\u0131n\u0131 zaman\u0131nda ve usul\u00fcne uygun olarak \u00f6demek ve sigorta primlerin zaman\u0131nda yat\u0131rmak,<\/p>\n<p>d) Kap\u0131c\u0131ya i\u015fin gerektirdi\u011fi her t\u00fcrl\u00fc ara\u00e7-gere\u00e7,koruyucu malzeme ve i\u015f elbisesi vermek,<\/p>\n<p>e) Konut tesisat\u0131n\u0131n \u00f6zellikleri ve kullanma bi\u00e7imiyle ilgili teknik bilgiyi kap\u0131c\u0131ya vermek,d\u00fczenli bak\u0131m\u0131n\u0131n teknik \u00f6zelliklerine uygun olarak yap\u0131lmas\u0131n\u0131 sa\u011flamak,<\/p>\n<p>f) Kap\u0131c\u0131 i\u00e7in ayr\u0131lan konutun sa\u011fl\u0131k ve ya\u015fama ko\u015fullar\u0131na uygunlu\u011funu sa\u011flamak,<\/p>\n<p>g) Kap\u0131c\u0131n\u0131n \u00e7al\u0131\u015fma ko\u015fullar\u0131 ile g\u00f6revlerini belirten bir belgeyi konutun giri\u015fine asmak,<\/p>\n<p>h) Kap\u0131c\u0131 konutunun tahliyesi gerekti\u011finde,\u00a0<strong><a href=\"http:\/\/www.alomaliye.com\/2002\/10\/08\/kat-mulkiyeti-kanunu-634-sayili-kanun\/\">634 say\u0131l\u0131 Kat M\u00fclkiyeti Kanunu<\/a><\/strong>\u00a0gere\u011fince, idari makamlara ba\u015fvurmak,<\/p>\n<p><strong>Kap\u0131c\u0131n\u0131n g\u00f6rev ve sorumluklar\u0131<\/strong><\/p>\n<p>Madde 4 \u2013 Kap\u0131c\u0131n\u0131n g\u00f6rev ve sorumluluklar\u0131 \u015funlard\u0131r:<\/p>\n<p>a) Y\u00f6neticinin talimat\u0131 do\u011frultusunda konutun kaloriferini zaman\u0131nda yakmak, \u0131s\u0131y\u0131 ayarlamak ve s\u00f6nd\u00fcrmek,<\/p>\n<p>b) Hidrofor ve benzeri ara\u00e7lar\u0131 \u00e7al\u0131\u015ft\u0131rmak,<\/p>\n<p>c) Konutun y\u00f6netim plan\u0131nda belirtilen ortak yerlerini ve tesislerini temiz bulundurmak, demirba\u015flar\u0131n\u0131, ara\u00e7 ve gere\u00e7lerini, d\u00fczenli, bak\u0131ml\u0131 ve i\u015fler \u015fekilde tutmak,<\/p>\n<p>d) Binan\u0131n d\u0131\u015f merdivenini,yola isabet eden bina \u00f6n\u00fcn\u00fc kardan ve sudan ar\u0131nd\u0131rmak,temiz tutmak,<\/p>\n<p>e) Kendisine ayr\u0131lan konutu ba\u015fka ama\u00e7larla kullanmamak,konutu korumak,kendisi veya ailesinden birisinin konuta verece\u011fi zarar ve hasarlar\u0131 \u00f6demek,<\/p>\n<p>f) Y\u00f6neticinin talimat\u0131 \u00e7er\u00e7evesinde konutun g\u00fcvenli\u011fini sa\u011flay\u0131c\u0131 \u00f6nlemleri almak,<\/p>\n<p>g) Belirlenen saatlerde servis hizmetlerini g\u00f6rmek, \u00e7\u00f6pleri toplamak, bah\u00e7eyi sulamak,<\/p>\n<p>h) Hizmet veya toplu i\u015f s\u00f6zle\u015fmesinde belirlenen di\u011fer g\u00f6revleri yerine getirmek.<\/p>\n<p><strong>\u00dc\u00c7\u00dcNC\u00dc B\u00d6L\u00dcM<\/strong><\/p>\n<p><strong>Hizmet S\u00f6zle\u015fmesi ve \u00c7al\u0131\u015fma Ko\u015fullar\u0131<\/strong><\/p>\n<p><strong>Hizmet s\u00f6zle\u015fmesi<\/strong><\/p>\n<p>Madde 5 \u2013 Kap\u0131c\u0131 ile yap\u0131lan hizmet s\u00f6zle\u015fmesinde:<\/p>\n<p>\u0130\u015fverenin ad\u0131 ve adresi,<\/p>\n<p>Kap\u0131c\u0131n\u0131n kimli\u011fi,<\/p>\n<p>\u0130\u015fyerinin adresi,<\/p>\n<p>Kap\u0131c\u0131n\u0131n i\u015fe ba\u015flama tarihi,<\/p>\n<p>Kap\u0131c\u0131n\u0131n yapaca\u011f\u0131 i\u015fler,<\/p>\n<p>\u00dccret \u00f6deme \u015fekli ve zaman\u0131,<\/p>\n<p>\u0130\u015f s\u00fcresi ve ara dinlenmesi,<\/p>\n<p>Varsa \u00f6zel h\u00fck\u00fcmler,<\/p>\n<p>D\u00fczenleme tarihi ve taraflar\u0131n imzas\u0131,<\/p>\n<p>hususlar\u0131n\u0131n bulunmas\u0131 gerekir.<\/p>\n<p>Yaz\u0131l\u0131 hizmet s\u00f6zle\u015fmesi yap\u0131lmamas\u0131 halinde, kap\u0131c\u0131ya i\u015fvereni ve y\u00f6neticinin kimli\u011fini g\u00f6steren, \u00e7al\u0131\u015fma ko\u015fullar\u0131n\u0131 ve g\u00f6revlerini belirten imzal\u0131 bir belge verilir.<\/p>\n<p>\u0130\u015f s\u00fcresi ve ara dinlenmesi<\/p>\n<p>Madde 6 \u2013 Kap\u0131c\u0131lar\u0131n i\u015f s\u00fcresi haftada en \u00e7ok 45 saattir. \u0130\u015f s\u00fcresi, kap\u0131c\u0131n\u0131n i\u015fte ge\u00e7irdi\u011fi zamand\u0131r.<\/p>\n<p>Ara dinlenmesi, i\u015fin niteli\u011fine g\u00f6re en \u00e7ok d\u00f6rde b\u00f6l\u00fcnebilir. Ara dinlenmesi yar\u0131m saatten az olamaz.<\/p>\n<p>Ara dinlenmesi i\u015f s\u00fcresinden say\u0131lmaz.<\/p>\n<p>\u00c7al\u0131\u015fma saatleri, yaz ve k\u0131\u015f saat uygulamalar\u0131 dikkate al\u0131narak de\u011fi\u015ftirilebilir.<\/p>\n<p><strong>\u00dccret \u00f6demesi<\/strong><\/p>\n<p>Madde 7 \u2013 Kap\u0131c\u0131ya \u0130\u015f Kanunu h\u00fck\u00fcmlerine g\u00f6re \u00fccret \u00f6denirken \u00fccret hesap pusulas\u0131 verilir. \u00dccret en ge\u00e7 ayda bir \u00f6denir.<\/p>\n<p><strong>Hafta tatili<\/strong><\/p>\n<p>Madde 8 \u2013 Kap\u0131c\u0131, \u0130\u015f Kanunu h\u00fck\u00fcmlerine g\u00f6re hafta tatilini kullan\u0131r.<\/p>\n<p><strong>Genel tatil ve \u00fccreti<\/strong><\/p>\n<p>Madde 9 \u2013 2429 say\u0131l\u0131 Ulusal Bayram ve Genel Tatiller Hakk\u0131nda Kanun\u2019da yer alan genel tatil g\u00fcnlerinde, kap\u0131c\u0131n\u0131n \u00e7al\u0131\u015ft\u0131r\u0131l\u0131p \u00e7al\u0131\u015ft\u0131r\u0131lamayaca\u011f\u0131 hizmet veya toplu i\u015f s\u00f6zle\u015fmelerinde belirlenir.<\/p>\n<p>Bu g\u00fcnlere ili\u015fkin \u00fccretler, \u0130\u015f Kanunu\u2019nun 42 nci maddesine uygun olarak \u00f6denir.<\/p>\n<p><strong>Y\u0131ll\u0131k \u00fccretli izin<\/strong><\/p>\n<p>Madde 10 \u2013 Kap\u0131c\u0131ya, \u0130\u015f Kanunu\u2019nun ilgili h\u00fck\u00fcmlerine g\u00f6re y\u0131ll\u0131k \u00fccretli izin kulland\u0131r\u0131l\u0131r.<\/p>\n<p><strong>Ge\u00e7ici kap\u0131c\u0131<\/strong><\/p>\n<p>Madde 11 \u2013 Kap\u0131c\u0131 y\u0131ll\u0131k \u00fccretli izin, hastal\u0131k izni veya tatil g\u00fcnlerinde g\u00f6revinden ayr\u0131ld\u0131\u011f\u0131nda yerine ge\u00e7ici kap\u0131c\u0131 \u00e7al\u0131\u015ft\u0131r\u0131labilir.<\/p>\n<p>Ge\u00e7ici kap\u0131c\u0131ya asgari \u00fccretin alt\u0131nda \u00fccret \u00f6denemez.<\/p>\n<p><strong>D\u00d6RD\u00dcNC\u00dc B\u00d6L\u00dcM<\/strong><\/p>\n<p><strong>Kap\u0131c\u0131 Konutu<\/strong><\/p>\n<p><strong>Kap\u0131c\u0131 konutu ve tahliyesi<\/strong><\/p>\n<p>Madde 12 \u2013 Kap\u0131c\u0131 konutu 3194 say\u0131l\u0131 \u0130mar Kanunu ve Belediye \u0130mar Y\u00f6netmelikleri ile \u00f6ng\u00f6r\u00fclen asgari ko\u015fullara uygun olmal\u0131d\u0131r.<\/p>\n<p>Kap\u0131c\u0131 konutu i\u00e7in kira istenemez.<\/p>\n<p>Kap\u0131c\u0131n\u0131n su ve elektrik giderleri ile \u0131s\u0131nma ve s\u0131cak su giderlerine k\u0131smen ya da tamamen kat\u0131l\u0131p kat\u0131lmayaca\u011f\u0131 hizmet veya toplu i\u015f s\u00f6zle\u015fmelerinde belirlenir.<\/p>\n<p>Kap\u0131c\u0131\u00a0 konutunun\u00a0 bo\u015falt\u0131lmas\u0131nda, 634\u00a0 say\u0131l\u0131 Kat\u00a0 M\u00fclkiyeti Kanununun Ek 2 nci maddesi h\u00fck\u00fcmleri uygulan\u0131r. Bu konuda hizmet veya toplu i\u015f s\u00f6zle\u015fmesinden do\u011fan haklar sakl\u0131d\u0131r.<\/p>\n<p><strong>Y\u00fcr\u00fcrl\u00fck<\/strong><\/p>\n<p>Madde 13 \u2013 1475 say\u0131l\u0131 \u0130\u015f Kanunu\u2019nun Ek 1 inci maddesi uyar\u0131nca haz\u0131rlanan ve Dan\u0131\u015ftay\u2019ca incelenmi\u015f olan bu T\u00fcz\u00fck h\u00fck\u00fcmleri Resmi Gazete\u2019de yay\u0131m\u0131 tarihinde y\u00fcr\u00fcrl\u00fc\u011fe girer.<\/p>\n<p><strong>Y\u00fcr\u00fctme<\/strong><\/p>\n<p>Madde 14 \u2013 Bu T\u00fcz\u00fck h\u00fck\u00fcmlerini Bakanlar Kurulu y\u00fcr\u00fct\u00fcr.<\/p>\n\n\t\t<\/div>\n\t<\/div>\n<\/div><\/div><\/div><\/div>\n<\/div>","protected":false},"excerpt":{"rendered":"Say\u0131: 22158 Bakanlar Kurulu Karar\u0131 94\/6321 B\u0130R\u0130NC\u0130 B\u00d6L\u00dcM Ama\u00e7, Kapsam ve Tan\u0131mlar Ama\u00e7 ve Kapsam Madde 1 \u2013 Bu T\u00fcz\u00fc\u011f\u00fcn amac\u0131, kap\u0131c\u0131lar\u0131n hizmetlerinin kapsam ve niteli\u011fi ile g\u00fcnl\u00fck \u00e7al\u0131\u015fma s\u00fcresi, hafta tatili, Ulusal Bayram ve genel tatil g\u00fcnleri, y\u0131ll\u0131k \u00fccretli izin haklar\u0131 ve kap\u0131c\u0131 konutlar\u0131na ili\u015fkin ulus ve esaslar\u0131 d\u00fczenlemektir. Tan\u0131mlar Madde 2 \u2013 Bu T\u00fcz\u00fckte ge\u00e7en; Kap\u0131c\u0131: Kaloriferli konut kap\u0131c\u0131lar\u0131 ile \u00e7al\u0131\u015fmas\u0131n\u0131 ayn\u0131 i\u015fverene veya ayn\u0131 konuta hasreden konut kap\u0131c\u0131lar\u0131, \u0130\u015fveren: Konutun maliki veya ortaklar\u0131, Y\u00f6netici: \u0130\u015fveren vekili olarak hareket eden ki\u015fi, \u0130\u015fyeri: Kap\u0131c\u0131n\u0131n \u00e7al\u0131\u015ft\u0131\u011f\u0131 konut ile ba\u011f\u0131ms\u0131z b\u00f6l\u00fcm, ortak yerler, eklenti ve tesislerin t\u00fcm\u00fc anlam\u0131nda kullan\u0131lm\u0131\u015ft\u0131r. \u0130K\u0130NC\u0130 B\u00d6L\u00dcM Yetki, G\u00f6rev ve Sorumluluklar Y\u00f6neticinin yetki, g\u00f6rev ve sorumluluklar\u0131 Madde 3 \u2013 Konut y\u00f6neticisi, ki\u015fisel kusurundan do\u011fanlar d\u0131\u015f\u0131ndaki mali sorumluluklar i\u015fverene ait olmak \u00fczere, \u0130\u015f Kanunu ve bu T\u00fcz\u00fck h\u00fck\u00fcmlerinin uygulanmas\u0131nda ve yarg\u0131 uyu\u015fmazl\u0131klar\u0131nda i\u015fverenin temsilcisidir. Y\u00f6neticinin g\u00f6rev, yetki ve sorumluluklar\u0131 \u015funlard\u0131r: a) \u0130\u015fverence kendisine yaz\u0131l\u0131 yetki verilmesi ko\u015fuluyla ilgili kanunlar ve varsa toplu i\u015f s\u00f6zle\u015fmesi h\u00fck\u00fcmlerine uygun olarak kap\u0131c\u0131yla hizmet s\u00f6zle\u015fmesi yapmak ve hizmet s\u00f6zle\u015fmesini feshetmek, b) Kaloriferli konutlarda, kap\u0131c\u0131 i\u00e7in ate\u015f\u00e7i belgesinin varl\u0131\u011f\u0131n\u0131 ara\u015ft\u0131rmak, c) Kap\u0131c\u0131n\u0131n \u0130\u015f Kanunu ve s\u00f6zle\u015fmeden do\u011fan \u00fccret ve tazminat haklar\u0131n\u0131 zaman\u0131nda ve usul\u00fcne uygun olarak \u00f6demek ve sigorta primlerin zaman\u0131nda yat\u0131rmak, d) Kap\u0131c\u0131ya i\u015fin gerektirdi\u011fi her t\u00fcrl\u00fc ara\u00e7-gere\u00e7,koruyucu malzeme ve i\u015f elbisesi vermek, e) Konut tesisat\u0131n\u0131n \u00f6zellikleri ve kullanma bi\u00e7imiyle ilgili teknik bilgiyi kap\u0131c\u0131ya vermek,d\u00fczenli bak\u0131m\u0131n\u0131n teknik \u00f6zelliklerine uygun olarak yap\u0131lmas\u0131n\u0131 sa\u011flamak, f) Kap\u0131c\u0131 i\u00e7in ayr\u0131lan konutun sa\u011fl\u0131k ve ya\u015fama ko\u015fullar\u0131na uygunlu\u011funu sa\u011flamak, g) Kap\u0131c\u0131n\u0131n \u00e7al\u0131\u015fma ko\u015fullar\u0131 ile g\u00f6revlerini belirten bir belgeyi konutun giri\u015fine asmak, h) Kap\u0131c\u0131 konutunun tahliyesi gerekti\u011finde,\u00a0634 say\u0131l\u0131 Kat M\u00fclkiyeti Kanunu\u00a0gere\u011fince, idari makamlara ba\u015fvurmak, Kap\u0131c\u0131n\u0131n g\u00f6rev ve sorumluklar\u0131 Madde 4 \u2013 Kap\u0131c\u0131n\u0131n g\u00f6rev ve sorumluluklar\u0131 \u015funlard\u0131r: a) Y\u00f6neticinin talimat\u0131 do\u011frultusunda konutun kaloriferini zaman\u0131nda yakmak, \u0131s\u0131y\u0131 ayarlamak ve s\u00f6nd\u00fcrmek, b) Hidrofor ve benzeri ara\u00e7lar\u0131 \u00e7al\u0131\u015ft\u0131rmak, c) Konutun y\u00f6netim plan\u0131nda belirtilen ortak yerlerini ve tesislerini temiz bulundurmak, demirba\u015flar\u0131n\u0131, ara\u00e7 ve gere\u00e7lerini, d\u00fczenli, bak\u0131ml\u0131 ve i\u015fler \u015fekilde tutmak, d) Binan\u0131n d\u0131\u015f merdivenini,yola isabet eden bina \u00f6n\u00fcn\u00fc kardan ve sudan ar\u0131nd\u0131rmak,temiz tutmak, e) Kendisine ayr\u0131lan konutu ba\u015fka ama\u00e7larla kullanmamak,konutu korumak,kendisi veya ailesinden birisinin konuta verece\u011fi zarar ve hasarlar\u0131 \u00f6demek, f) Y\u00f6neticinin talimat\u0131 \u00e7er\u00e7evesinde konutun g\u00fcvenli\u011fini sa\u011flay\u0131c\u0131 \u00f6nlemleri almak, g) Belirlenen saatlerde servis hizmetlerini g\u00f6rmek, \u00e7\u00f6pleri toplamak, bah\u00e7eyi sulamak, h) Hizmet veya toplu i\u015f s\u00f6zle\u015fmesinde belirlenen di\u011fer g\u00f6revleri yerine getirmek. \u00dc\u00c7\u00dcNC\u00dc B\u00d6L\u00dcM Hizmet S\u00f6zle\u015fmesi ve \u00c7al\u0131\u015fma Ko\u015fullar\u0131 Hizmet s\u00f6zle\u015fmesi Madde 5 \u2013 Kap\u0131c\u0131 ile yap\u0131lan hizmet s\u00f6zle\u015fmesinde: \u0130\u015fverenin ad\u0131 ve adresi, Kap\u0131c\u0131n\u0131n kimli\u011fi, \u0130\u015fyerinin adresi, Kap\u0131c\u0131n\u0131n i\u015fe ba\u015flama tarihi, Kap\u0131c\u0131n\u0131n yapaca\u011f\u0131 i\u015fler, \u00dccret \u00f6deme \u015fekli ve zaman\u0131, \u0130\u015f s\u00fcresi ve ara dinlenmesi, Varsa \u00f6zel h\u00fck\u00fcmler, D\u00fczenleme tarihi ve taraflar\u0131n imzas\u0131, hususlar\u0131n\u0131n bulunmas\u0131 gerekir. Yaz\u0131l\u0131 hizmet s\u00f6zle\u015fmesi yap\u0131lmamas\u0131 halinde, kap\u0131c\u0131ya i\u015fvereni ve y\u00f6neticinin kimli\u011fini g\u00f6steren, \u00e7al\u0131\u015fma ko\u015fullar\u0131n\u0131 ve g\u00f6revlerini belirten imzal\u0131 bir belge verilir. \u0130\u015f s\u00fcresi ve ara dinlenmesi Madde 6 \u2013 Kap\u0131c\u0131lar\u0131n i\u015f s\u00fcresi haftada en \u00e7ok 45 saattir. \u0130\u015f s\u00fcresi, kap\u0131c\u0131n\u0131n i\u015fte ge\u00e7irdi\u011fi zamand\u0131r. Ara dinlenmesi, i\u015fin niteli\u011fine g\u00f6re en \u00e7ok d\u00f6rde b\u00f6l\u00fcnebilir. Ara dinlenmesi yar\u0131m saatten az olamaz. Ara dinlenmesi i\u015f s\u00fcresinden say\u0131lmaz. \u00c7al\u0131\u015fma saatleri, yaz ve k\u0131\u015f saat uygulamalar\u0131 dikkate al\u0131narak de\u011fi\u015ftirilebilir. \u00dccret \u00f6demesi Madde 7 \u2013 Kap\u0131c\u0131ya \u0130\u015f Kanunu h\u00fck\u00fcmlerine g\u00f6re \u00fccret \u00f6denirken \u00fccret hesap pusulas\u0131 verilir. \u00dccret en ge\u00e7 ayda bir \u00f6denir. Hafta tatili Madde 8 \u2013 Kap\u0131c\u0131, \u0130\u015f Kanunu h\u00fck\u00fcmlerine g\u00f6re hafta tatilini kullan\u0131r. Genel tatil ve \u00fccreti Madde 9 \u2013 2429 say\u0131l\u0131 Ulusal Bayram ve Genel Tatiller Hakk\u0131nda Kanun\u2019da yer alan genel tatil g\u00fcnlerinde, kap\u0131c\u0131n\u0131n \u00e7al\u0131\u015ft\u0131r\u0131l\u0131p \u00e7al\u0131\u015ft\u0131r\u0131lamayaca\u011f\u0131 hizmet veya toplu i\u015f s\u00f6zle\u015fmelerinde belirlenir. Bu g\u00fcnlere ili\u015fkin \u00fccretler, \u0130\u015f Kanunu\u2019nun 42 nci maddesine uygun olarak \u00f6denir. Y\u0131ll\u0131k \u00fccretli izin Madde 10 \u2013 Kap\u0131c\u0131ya, \u0130\u015f Kanunu\u2019nun ilgili h\u00fck\u00fcmlerine g\u00f6re y\u0131ll\u0131k \u00fccretli izin kulland\u0131r\u0131l\u0131r. Ge\u00e7ici kap\u0131c\u0131 Madde 11 \u2013 Kap\u0131c\u0131 y\u0131ll\u0131k \u00fccretli izin, hastal\u0131k izni veya tatil g\u00fcnlerinde g\u00f6revinden ayr\u0131ld\u0131\u011f\u0131nda yerine ge\u00e7ici kap\u0131c\u0131 \u00e7al\u0131\u015ft\u0131r\u0131labilir. Ge\u00e7ici kap\u0131c\u0131ya asgari \u00fccretin alt\u0131nda \u00fccret \u00f6denemez. D\u00d6RD\u00dcNC\u00dc B\u00d6L\u00dcM Kap\u0131c\u0131 Konutu Kap\u0131c\u0131 konutu ve tahliyesi Madde 12 \u2013 Kap\u0131c\u0131 konutu 3194 say\u0131l\u0131 \u0130mar Kanunu ve Belediye \u0130mar Y\u00f6netmelikleri ile \u00f6ng\u00f6r\u00fclen asgari ko\u015fullara uygun olmal\u0131d\u0131r. Kap\u0131c\u0131 konutu i\u00e7in kira istenemez. Kap\u0131c\u0131n\u0131n su ve elektrik giderleri ile \u0131s\u0131nma ve s\u0131cak su giderlerine k\u0131smen ya da tamamen kat\u0131l\u0131p kat\u0131lmayaca\u011f\u0131 hizmet veya toplu i\u015f s\u00f6zle\u015fmelerinde belirlenir. Kap\u0131c\u0131\u00a0 konutunun\u00a0 bo\u015falt\u0131lmas\u0131nda, 634\u00a0 say\u0131l\u0131 Kat\u00a0 M\u00fclkiyeti Kanununun Ek 2 nci maddesi h\u00fck\u00fcmleri uygulan\u0131r. Bu konuda hizmet veya toplu i\u015f s\u00f6zle\u015fmesinden do\u011fan haklar sakl\u0131d\u0131r. Y\u00fcr\u00fcrl\u00fck Madde 13 \u2013 1475 say\u0131l\u0131 \u0130\u015f Kanunu\u2019nun Ek 1 inci maddesi uyar\u0131nca haz\u0131rlanan ve Dan\u0131\u015ftay\u2019ca incelenmi\u015f olan bu T\u00fcz\u00fck h\u00fck\u00fcmleri Resmi Gazete\u2019de yay\u0131m\u0131 tarihinde y\u00fcr\u00fcrl\u00fc\u011fe girer. Y\u00fcr\u00fctme Madde 14 \u2013 Bu T\u00fcz\u00fck h\u00fck\u00fcmlerini Bakanlar Kurulu y\u00fcr\u00fct\u00fcr.","protected":false},"author":1,"featured_media":0,"parent":0,"menu_order":0,"comment_status":"closed","ping_status":"closed","template":"","meta":{"footnotes":""},"class_list":["post-4350","page","type-page","status-publish","hentry"],"_links":{"self":[{"href":"https:\/\/nesayonetim.com\/index.php\/wp-json\/wp\/v2\/pages\/4350","targetHints":{"allow":["GET"]}}],"collection":[{"href":"https:\/\/nesayonetim.com\/index.php\/wp-json\/wp\/v2\/pages"}],"about":[{"href":"https:\/\/nesayonetim.com\/index.php\/wp-json\/wp\/v2\/types\/page"}],"author":[{"embeddable":true,"href":"https:\/\/nesayonetim.com\/index.php\/wp-json\/wp\/v2\/users\/1"}],"replies":[{"embeddable":true,"href":"https:\/\/nesayonetim.com\/index.php\/wp-json\/wp\/v2\/comments?post=4350"}],"version-history":[{"count":2,"href":"https:\/\/nesayonetim.com\/index.php\/wp-json\/wp\/v2\/pages\/4350\/revisions"}],"predecessor-version":[{"id":4381,"href":"https:\/\/nesayonetim.com\/index.php\/wp-json\/wp\/v2\/pages\/4350\/revisions\/4381"}],"wp:attachment":[{"href":"https:\/\/nesayonetim.com\/index.php\/wp-json\/wp\/v2\/media?parent=4350"}],"curies":[{"name":"wp","href":"https:\/\/api.w.org\/{rel}","templated":true}]}}