{"id":860,"date":"2018-01-29T03:45:53","date_gmt":"2018-01-29T03:45:53","guid":{"rendered":"http:\/\/nesayonetim.com\/demo\/index.php\/blog-list\/"},"modified":"2018-01-29T03:45:53","modified_gmt":"2018-01-29T03:45:53","slug":"blog-list","status":"publish","type":"page","link":"https:\/\/nesayonetim.com\/index.php\/blog-list\/","title":{"rendered":"Blog List"},"content":{"rendered":"<div class=\"wpb-content-wrapper\"><div id=\"tm-row-69f5eec1819fc\" class=\"vc_row vc_row-outer vc_row-fluid\"><div id=\"tm-column-69f5eec183293\" class=\"wpb_column vc_column_container vc_col-sm-12\"><div class=\"vc_column-inner \"><div class=\"wpb_wrapper\">\n\t<div class=\"tm-grid-wrapper tm-blog  style-list\" id=\"tm-blog-69f5eec183662\"\n\t\t\n\t\t\n\t\t data-filter-type=\"static\"\n\t>\n\t\t\n\t\t\n\t\t<input type=\"hidden\" class=\"tm-grid-query\" value=\"{&quot;post_type&quot;:&quot;post&quot;,&quot;posts_per_page&quot;:&quot;9&quot;,&quot;orderby&quot;:&quot;date&quot;,&quot;order&quot;:&quot;DESC&quot;,&quot;paged&quot;:1,&quot;post_status&quot;:&quot;publish&quot;,&quot;post__not_in&quot;:[],&quot;action&quot;:&quot;post_infinite_load&quot;,&quot;max_num_pages&quot;:1,&quot;found_posts&quot;:4,&quot;taxonomies&quot;:&quot;&quot;,&quot;style&quot;:&quot;list&quot;,&quot;pagination&quot;:&quot;&quot;,&quot;count&quot;:4,&quot;metro_layout&quot;:&quot;%5B%7B%22size%22%3A%222%3A2%22%7D%2C%7B%22size%22%3A%221%3A1%22%7D%2C%7B%22size%22%3A%221%3A1%22%7D%2C%7B%22size%22%3A%222%3A2%22%7D%2C%7B%22size%22%3A%221%3A1%22%7D%2C%7B%22size%22%3A%221%3A1%22%7D%5D&quot;}\"\/>\n\n\t\t\n\t\t\t\t<div class=\"tm-grid\"\n\t\t\t\t\t\t\t\t\t\t\tdata-grid-has-gallery=\"true\"\n\t\t\t\t\t\t\t\t\t>\n\t\t\t\t\t\t<div class=\"grid-item post-item post-4714 post type-post status-publish format-standard has-post-thumbnail hentry category-emlak-haberleri\">\n\n\t\t\t<div class=\"post-feature post-thumbnail\">\n\t\t<a href=\"https:\/\/nesayonetim.com\/index.php\/2019\/11\/24\/nevsehirde-kullanilmayan-binalar-yikiliyor\/\">\n\t\t\t<img decoding=\"async\" src=\"https:\/\/nesayonetim.com\/wp-content\/uploads\/2019\/11\/MzI4MjM4ND-nevsehirde-kullanilmayan-binalar-yikiliyor.jpg\" alt=\"Nev\u015fehir\u2019de kullan\u0131lmayan binalar y\u0131k\u0131l\u0131yor!\" \/>\t\t<\/a>\n\t<\/div>\n\n\n\t\t<div class=\"post-info\">\n\n\t\t\t<div class=\"post-meta\">\n\n\t\t\t\t<div class=\"post-author-meta\">\n\t\t\t\t\tby <a\n\t\t\t\t\t\thref=\"https:\/\/nesayonetim.com\/index.php\/author\/nesa-admin\/\">nesa-admin<\/a>\n\t\t\t\t<\/div>\n\n\t\t\t\t\t<div class=\"post-categories\">\n\t\t<a href=\"https:\/\/nesayonetim.com\/index.php\/category\/emlak-haberleri\/\" rel=\"category tag\">Emlak Haberleri<\/a>\t<\/div>\n\n\t\t\t\t\t\t\t<\/div>\n\n\t\t\t<h3 class=\"post-title\">\n\t<a href=\"https:\/\/nesayonetim.com\/index.php\/2019\/11\/24\/nevsehirde-kullanilmayan-binalar-yikiliyor\/\">Nev\u015fehir\u2019de kullan\u0131lmayan binalar y\u0131k\u0131l\u0131yor!<\/a>\n<\/h3>\n\n\t\t\t<div class=\"post-excerpt\">\n\t\t\t\t<p>Nev\u015fehir\u2019de, vatanda\u015flar\u0131n can g\u00fcvenli\u011fini tehdit etmesiyle, kentin esteti\u011fine zarar veren ve kullan\u0131lmayan binalar\u0131n y\u0131k\u0131m\u0131 ger\u00e7ekle\u015fiyor. Nev\u015fehir\u2019in \u00e7e\u015fitli mahallelerinde yer alan ve insanlar\u0131n can ve mal g\u00fcvenli\u011fin zarar veren \u00e7evre kirlili\u011fine neden olan ve \u015fehrin esteti\u011fine zarar veren binalar\u0131n tespit edilmesi amac\u0131yla ger\u00e7ekle\u015fen \u00e7al\u0131\u015fmalar tamamland\u0131. H\u00fcrriyet Gazetesi&#8217;nde yer alan habere g\u00f6re; Nev\u015fehir Belediyesi Kentsel D\u00f6n\u00fc\u015f\u00fcm M\u00fcd\u00fcrl\u00fc\u011f\u00fc&#8217;nce ger\u00e7ekle\u015fen tespit \u00e7al\u0131\u015fmalar\u0131 sonras\u0131nda kullan\u0131lmayan binalar\u0131n y\u0131k\u0131lmas\u0131 i\u00e7in \u00e7al\u0131\u015fmalara ba\u015fland\u0131. Al\u0131nan g\u00fcvenlik tedbirleri ile birlikte i\u015f makineleri yard\u0131m\u0131yla y\u0131k\u0131lan binalar\u0131n enkaz\u0131 kald\u0131r\u0131l\u0131p g\u00f6r\u00fcnt\u00fc ve \u00e7evre kirlili\u011fi \u00f6engelleniyor. &hellip;<\/p>\t\t\t<\/div>\n\n\t\t\t<div class=\"post-read-more\">\n\t<a href=\"https:\/\/nesayonetim.com\/index.php\/2019\/11\/24\/nevsehirde-kullanilmayan-binalar-yikiliyor\/\">\n\t\t<span class=\"btn-text\">\n\t\t\tRead More\t\t<\/span>\n\t\t<span class=\"btn-icon ion-arrow-right-c\"><\/span>\n\t<\/a>\n<\/div>\n\t\t<\/div>\n\t<\/div>\n\t<div class=\"grid-item post-item post-4711 post type-post status-publish format-standard has-post-thumbnail hentry category-emlak-haberleri\">\n\n\t\t\t<div class=\"post-feature post-thumbnail\">\n\t\t<a href=\"https:\/\/nesayonetim.com\/index.php\/2019\/11\/24\/evini-kiraya-verenler-dikkat\/\">\n\t\t\t<img decoding=\"async\" src=\"https:\/\/nesayonetim.com\/wp-content\/uploads\/2019\/11\/MTM4ODA4Mj-evini-kiraya-verenler-dikkat.jpg\" alt=\"Evini kiraya verenler dikkat!\" \/>\t\t<\/a>\n\t<\/div>\n\n\n\t\t<div class=\"post-info\">\n\n\t\t\t<div class=\"post-meta\">\n\n\t\t\t\t<div class=\"post-author-meta\">\n\t\t\t\t\tby <a\n\t\t\t\t\t\thref=\"https:\/\/nesayonetim.com\/index.php\/author\/nesa-admin\/\">nesa-admin<\/a>\n\t\t\t\t<\/div>\n\n\t\t\t\t\t<div class=\"post-categories\">\n\t\t<a href=\"https:\/\/nesayonetim.com\/index.php\/category\/emlak-haberleri\/\" rel=\"category tag\">Emlak Haberleri<\/a>\t<\/div>\n\n\t\t\t\t\t\t\t<\/div>\n\n\t\t\t<h3 class=\"post-title\">\n\t<a href=\"https:\/\/nesayonetim.com\/index.php\/2019\/11\/24\/evini-kiraya-verenler-dikkat\/\">Evini kiraya verenler dikkat!<\/a>\n<\/h3>\n\n\t\t\t<div class=\"post-excerpt\">\n\t\t\t\t<p>D\u00fczensiz yabanc\u0131 g\u00f6\u00e7menlerin kontrol\u00fc i\u00e7in \u00e7ok kritik bir ad\u0131m daha at\u0131l\u0131yor. Resmi makamlar taraf\u0131ndan verilmi\u015f herhangi bir izni olmayan yabanc\u0131lara evini kiralayan m\u00fclk sahiplerine her bir yabanc\u0131 say\u0131s\u0131nca bin TL idari para cezas\u0131 uygulanmas\u0131 g\u00fcndeme geldi. Yabanc\u0131lar ve Uluslararas\u0131 Koruma Kanunu&#8217;nda \u00e7ok kritik bir d\u00fczenleme i\u00e7in daha ad\u0131m at\u0131l\u0131yor. Yeni \u015eafak&#8217;tan Kenan Biter&#8217;in haberine g\u00f6re, d\u00fczensiz g\u00f6\u00e7le m\u00fccadelede daha verimli sonu\u00e7lar al\u0131nabilmesi amac\u0131yla T\u00fcrkiye&#8217;ye giri\u015f yapan ve resmi olarak herhangi bir izni bulunmayan yabanc\u0131lara gayrimenkullerini kiraya verenlere y\u00f6nelik cezai yapt\u0131r\u0131mlar geliyor. GAYR\u0130MENKUL K\u0130RALAMALARI DA EKLENECEK Bu kapsamda ilgili kanunun idari para cezalar\u0131n\u0131 d\u00fczenleyen 102. maddesinde de\u011fi\u015fiklik yap\u0131lmas\u0131 \u00f6ng\u00f6r\u00fcl\u00fcyor. S\u00f6z konusu &hellip;<\/p>\t\t\t<\/div>\n\n\t\t\t<div class=\"post-read-more\">\n\t<a href=\"https:\/\/nesayonetim.com\/index.php\/2019\/11\/24\/evini-kiraya-verenler-dikkat\/\">\n\t\t<span class=\"btn-text\">\n\t\t\tRead More\t\t<\/span>\n\t\t<span class=\"btn-icon ion-arrow-right-c\"><\/span>\n\t<\/a>\n<\/div>\n\t\t<\/div>\n\t<\/div>\n\t<div class=\"grid-item post-item post-4708 post type-post status-publish format-standard has-post-thumbnail hentry category-emlak-haberleri\">\n\n\t\t\t<div class=\"post-feature post-thumbnail\">\n\t\t<a href=\"https:\/\/nesayonetim.com\/index.php\/2019\/11\/24\/etiler-polis-okulu-arazisinin-planlari-iptal\/\">\n\t\t\t<img decoding=\"async\" src=\"https:\/\/nesayonetim.com\/wp-content\/uploads\/2019\/11\/MzY5Mjk1MT-etiler-polis-okulu-arazisinin-planlari-iptal.jpg\" alt=\"Etiler Polis Okulu arazisinin planlar\u0131 iptal!\" \/>\t\t<\/a>\n\t<\/div>\n\n\n\t\t<div class=\"post-info\">\n\n\t\t\t<div class=\"post-meta\">\n\n\t\t\t\t<div class=\"post-author-meta\">\n\t\t\t\t\tby <a\n\t\t\t\t\t\thref=\"https:\/\/nesayonetim.com\/index.php\/author\/nesa-admin\/\">nesa-admin<\/a>\n\t\t\t\t<\/div>\n\n\t\t\t\t\t<div class=\"post-categories\">\n\t\t<a href=\"https:\/\/nesayonetim.com\/index.php\/category\/emlak-haberleri\/\" rel=\"category tag\">Emlak Haberleri<\/a>\t<\/div>\n\n\t\t\t\t\t\t\t<\/div>\n\n\t\t\t<h3 class=\"post-title\">\n\t<a href=\"https:\/\/nesayonetim.com\/index.php\/2019\/11\/24\/etiler-polis-okulu-arazisinin-planlari-iptal\/\">Etiler Polis Okulu arazisinin planlar\u0131 iptal!<\/a>\n<\/h3>\n\n\t\t\t<div class=\"post-excerpt\">\n\t\t\t\t<p>\u0130stanbul Be\u015fikta\u015f\u2019ta yer alan eski Etiler Polis Meslek Y\u00fcksekokulu arazisine otel, AVM ve rezidans yap\u0131m\u0131n\u0131n \u00f6n\u00fcn\u00fc a\u00e7an imar planlar\u0131 iptal edildi&#8230;\u00a0 \u0130stanbul&#8217;un Be\u015fikta\u015f il\u00e7esine ba\u011fl\u0131 Akat Mahallesi&#8217;nde yer a\u015fam yakla\u015f\u0131k 30 bin metrekarelik Etiler Polis Meslek Y\u00fcksekokulu, arazisinin \u201criskli alan\u201d ilan edilmesinin sonras\u0131nda, 2014&#8217;te Bakanlar Kurulu karar\u0131yla kapat\u0131ld\u0131. Yap\u0131lan protokol ile s\u00f6z konusu arazi \u0130stanbul B\u00fcy\u00fck\u015fehir Belediyesi&#8217;ne (\u0130BB) devredildi. Arazi, 4 Nisan 2018&#8217;de \u0130BB taraf\u0131ndan has\u0131lat payla\u015f\u0131m\u0131 y\u00f6ntemi ile ihaleye \u00e7\u0131kar\u0131ld\u0131. \u0130haleyi \u0130BB&#8217;nin \u015firketlerinden K\u0130PTA\u015e, 2 milyar 660 milyon TL&#8217;lik teklifi ile kazand\u0131. K\u0130PTA\u015e daha sonra tiler Polis Meslek Y\u00fcksekokulu projesinin yap\u0131m i\u015fini Asta\u015f ile Yap\u0131 &amp; Yap\u0131 ortakl\u0131\u011f\u0131na verdi. &hellip;<\/p>\t\t\t<\/div>\n\n\t\t\t<div class=\"post-read-more\">\n\t<a href=\"https:\/\/nesayonetim.com\/index.php\/2019\/11\/24\/etiler-polis-okulu-arazisinin-planlari-iptal\/\">\n\t\t<span class=\"btn-text\">\n\t\t\tRead More\t\t<\/span>\n\t\t<span class=\"btn-icon ion-arrow-right-c\"><\/span>\n\t<\/a>\n<\/div>\n\t\t<\/div>\n\t<\/div>\n\t<div class=\"grid-item post-item post-4705 post type-post status-publish format-standard has-post-thumbnail hentry category-emlak-haberleri\">\n\n\t\t\t<div class=\"post-feature post-thumbnail\">\n\t\t<a href=\"https:\/\/nesayonetim.com\/index.php\/2019\/11\/24\/maketten-konut-satisina-meclis-takibi\/\">\n\t\t\t<img decoding=\"async\" src=\"https:\/\/nesayonetim.com\/wp-content\/uploads\/2019\/11\/ODQ3MTE1Mj-maketten-konut-satisina-meclis-takibi.jpg\" alt=\"Maketten konut sat\u0131\u015f\u0131na Meclis takibi!\" \/>\t\t<\/a>\n\t<\/div>\n\n\n\t\t<div class=\"post-info\">\n\n\t\t\t<div class=\"post-meta\">\n\n\t\t\t\t<div class=\"post-author-meta\">\n\t\t\t\t\tby <a\n\t\t\t\t\t\thref=\"https:\/\/nesayonetim.com\/index.php\/author\/nesa-admin\/\">nesa-admin<\/a>\n\t\t\t\t<\/div>\n\n\t\t\t\t\t<div class=\"post-categories\">\n\t\t<a href=\"https:\/\/nesayonetim.com\/index.php\/category\/emlak-haberleri\/\" rel=\"category tag\">Emlak Haberleri<\/a>\t<\/div>\n\n\t\t\t\t\t\t\t<\/div>\n\n\t\t\t<h3 class=\"post-title\">\n\t<a href=\"https:\/\/nesayonetim.com\/index.php\/2019\/11\/24\/maketten-konut-satisina-meclis-takibi\/\">Maketten konut sat\u0131\u015f\u0131na Meclis takibi!<\/a>\n<\/h3>\n\n\t\t\t<div class=\"post-excerpt\">\n\t\t\t\t<p>Meclis, devrem\u00fclk ve devre tatilden sonra maketten konut sat\u0131\u015f\u0131yla ilgili \u015fikayetler i\u00e7in alt komisyon kurdu. TBBM, devrem\u00fclk ve devre tatilden sonra maketten sat\u0131\u015f \u015fikayetleriyle ilgili \u00e7al\u0131\u015fmalara ba\u015flad\u0131. H\u00fcrriyet Gazetesi&#8217;nden Turan Y\u0131lmaz&#8217;\u0131n haberine g\u00f6re; Dilek\u00e7e Komisyonu, maketten sat\u0131\u015f \u015fikayetlerini incelemek \u00fczere alt komisyon kurdu. Dilek\u00e7e Komisyonu Ba\u015fkan\u0131 Mihrimah Belma Sat\u0131r, \u201cT\u00fcrkiye\u2019de ve d\u00fcnyada \u00e7ok \u00f6nemli i\u015flere imza atan in\u015faat firmalar\u0131m\u0131z var ama disipline edilmemi\u015f bir tak\u0131m firmalar vatanda\u015f\u0131n iyi niyetinden, mevzuat\u0131n eksik uygulanmas\u0131ndan istifade ederek ma\u011fduriyetlere sebep oluyorlar\u201d diye konu\u015ftu. Maketten sat\u0131\u015flar hakk\u0131nda bin 959 imzal\u0131 360 \u015fikayet dilek\u00e7esi, komisyona ula\u015ft\u0131. Dilek\u00e7e verenler aras\u0131nda iktidar ve muhalefetten milletvekilleri bulundu. Maketten sat\u0131\u015flarla &hellip;<\/p>\t\t\t<\/div>\n\n\t\t\t<div class=\"post-read-more\">\n\t<a href=\"https:\/\/nesayonetim.com\/index.php\/2019\/11\/24\/maketten-konut-satisina-meclis-takibi\/\">\n\t\t<span class=\"btn-text\">\n\t\t\tRead More\t\t<\/span>\n\t\t<span class=\"btn-icon ion-arrow-right-c\"><\/span>\n\t<\/a>\n<\/div>\n\t\t<\/div>\n\t<\/div>\n\t\t\t\t<\/div>\n\n\t\t\t\t\n\t\t\n\t<\/div>\n<\/div><\/div><\/div><\/div>\n<\/div>","protected":false},"excerpt":{"rendered":"Meclis, devrem\u00fclk ve devre tatilden sonra maketten konut sat\u0131\u015f\u0131yla ilgili \u015fikayetler i\u00e7in alt komisyon kurdu. TBBM, devrem\u00fclk ve devre tatilden sonra maketten sat\u0131\u015f \u015fikayetleriyle ilgili \u00e7al\u0131\u015fmalara ba\u015flad\u0131. H\u00fcrriyet Gazetesi'nden Turan Y\u0131lmaz'\u0131n haberine g\u00f6re; Dilek\u00e7e Komisyonu, maketten sat\u0131\u015f \u015fikayetlerini incelemek \u00fczere alt komisyon kurdu. Dilek\u00e7e Komisyonu Ba\u015fkan\u0131 Mihrimah Belma Sat\u0131r, \u201cT\u00fcrkiye\u2019de ve d\u00fcnyada \u00e7ok \u00f6nemli i\u015flere imza atan in\u015faat firmalar\u0131m\u0131z var ama disipline edilmemi\u015f bir tak\u0131m firmalar vatanda\u015f\u0131n iyi niyetinden, mevzuat\u0131n eksik uygulanmas\u0131ndan istifade ederek ma\u011fduriyetlere sebep oluyorlar\u201d diye konu\u015ftu. Maketten sat\u0131\u015flar hakk\u0131nda bin 959 imzal\u0131 360 \u015fikayet dilek\u00e7esi, komisyona ula\u015ft\u0131. Dilek\u00e7e verenler aras\u0131nda iktidar ve muhalefetten milletvekilleri bulundu. Maketten sat\u0131\u015flarla ilgili \u015fikayetler \u00f6zetle \u015fu \u015fekilde anlat\u0131ld\u0131: \u201c\u00d6n \u00f6demeli sat\u0131\u015f s\u00f6zle\u015fmesiyle maketten sat\u0131\u015f\u0131 yap\u0131lan gayrimenkullere ili\u015fkin geni\u015f, kapsaml\u0131 sorunlar ya\u015fand\u0131\u011f\u0131, s\u00f6zle\u015fme konusu gayrimenkullerin ya hi\u00e7 ya da gere\u011fi gibi teslim edilmedi\u011fi, har\u00e7lar ve benzeri kamusal y\u00fck\u00fcml\u00fcl\u00fcklerin maliyetinin y\u00fcksek olmas\u0131 nedeniyle t\u00fcketicilerin resm\u00ee \u015fekil \u015fartlar\u0131na uygun s\u00f6zle\u015fme d\u00fczenlenmesinden feragat etti\u011fi ya da buna y\u00f6nlendirildi\u011fi, teminat sa\u011flama y\u00fck\u00fcml\u00fcl\u00fc\u011f\u00fcn\u00fcn \u015firketlerce yerine getirilmedi\u011fi, m\u00fckerrer sat\u0131\u015flar\u0131n ya\u015fand\u0131\u011f\u0131, ba\u011fl\u0131 kredi kullan\u0131m\u0131 nedeniyle tapular\u0131n ipotekli oldu\u011fu g\u00f6r\u00fclm\u00fc\u015ft\u00fcr.\u201d","protected":false},"author":1,"featured_media":0,"parent":0,"menu_order":16,"comment_status":"closed","ping_status":"closed","template":"","meta":{"footnotes":""},"class_list":["post-860","page","type-page","status-publish","hentry"],"_links":{"self":[{"href":"https:\/\/nesayonetim.com\/index.php\/wp-json\/wp\/v2\/pages\/860","targetHints":{"allow":["GET"]}}],"collection":[{"href":"https:\/\/nesayonetim.com\/index.php\/wp-json\/wp\/v2\/pages"}],"about":[{"href":"https:\/\/nesayonetim.com\/index.php\/wp-json\/wp\/v2\/types\/page"}],"author":[{"embeddable":true,"href":"https:\/\/nesayonetim.com\/index.php\/wp-json\/wp\/v2\/users\/1"}],"replies":[{"embeddable":true,"href":"https:\/\/nesayonetim.com\/index.php\/wp-json\/wp\/v2\/comments?post=860"}],"version-history":[{"count":0,"href":"https:\/\/nesayonetim.com\/index.php\/wp-json\/wp\/v2\/pages\/860\/revisions"}],"wp:attachment":[{"href":"https:\/\/nesayonetim.com\/index.php\/wp-json\/wp\/v2\/media?parent=860"}],"curies":[{"name":"wp","href":"https:\/\/api.w.org\/{rel}","templated":true}]}}